{"id":488,"date":"2026-08-24T11:42:33","date_gmt":"2026-08-24T11:42:33","guid":{"rendered":"http:\/\/ny.myrle.no\/?page_id=488"},"modified":"2026-08-25T08:36:52","modified_gmt":"2026-08-25T08:36:52","slug":"valg-av-seremoni","status":"publish","type":"page","link":"https:\/\/myrle.no\/?page_id=488","title":{"rendered":"Valg av seremoni"},"content":{"rendered":"\t\t<div data-elementor-type=\"wp-page\" data-elementor-id=\"488\" class=\"elementor elementor-488\">\n\t\t\t\t<div class=\"elementor-element elementor-element-2401a49b e-flex e-con-boxed e-con e-parent\" data-id=\"2401a49b\" data-element_type=\"container\" data-e-type=\"container\">\n\t\t\t\t\t<div class=\"e-con-inner\">\n\t\t<div class=\"elementor-element elementor-element-74bce7e2 e-con-full e-flex e-con e-child\" data-id=\"74bce7e2\" data-element_type=\"container\" data-e-type=\"container\">\n\t\t\t\t<div class=\"elementor-element elementor-element-2a58a36f elementor-widget elementor-widget-text-editor\" data-id=\"2a58a36f\" data-element_type=\"widget\" data-e-type=\"widget\" data-widget_type=\"text-editor.default\">\n\t\t\t\t\t\t\t\t\t<div id=\"breadcrumbs\"><\/div><div id=\"wrapper2\"><div id=\"main\"><article class=\"item-page\"><p>En seremoni er en viktig del av avskjeden. Den gir familie og venner anledning til \u00e5 samles, minnes og hedre livet som er levd. For noen er det naturlig med en tradisjonell kirkelig seremoni, mens andre \u00f8nsker en mer personlig eller livssyns\u00e5pen markering. Uansett valg hjelper vi med \u00e5 skape en rolig, verdig og trygg ramme rundt dagen, tilpasset avd\u00f8des og familiens \u00f8nsker.<\/p><p><em>Vi tilrettelegger for seremonier innenfor alle tros- og livssynsretninger, og vi samarbeider med lokale trossamfunn. Her kan du finne mer informasjon om noen vanlige gravferdsseremonier:<\/em><\/p><\/article><\/div><\/div>\t\t\t\t\t\t\t\t<\/div>\n\t\t\t\t\t\n<hr class=\"e-2c6af78c-e27b850 e-divider-base\" data-interaction-id=\"2c6af78c\"   \/>\n\t\t\t\t<\/div>\n\t\t\t\t\t<\/div>\n\t\t\t\t<\/div>\n\t\t<div class=\"elementor-element elementor-element-6bbc85ff e-flex e-con-boxed e-con e-parent\" data-id=\"6bbc85ff\" data-element_type=\"container\" data-e-type=\"container\">\n\t\t\t\t\t<div class=\"e-con-inner\">\n\t\t<div class=\"elementor-element elementor-element-37508043 e-con-full e-flex e-con e-child\" data-id=\"37508043\" data-element_type=\"container\" data-e-type=\"container\">\n\t\t<div class=\"elementor-element elementor-element-553300b0 e-con-full e-flex e-con e-child\" data-id=\"553300b0\" data-element_type=\"container\" data-e-type=\"container\">\n\t\t<div class=\"elementor-element elementor-element-ef0367a e-con-full e-flex e-con e-child\" data-id=\"ef0367a\" data-element_type=\"container\" data-e-type=\"container\">\n\t\t\t\t\t<h2 data-interaction-id=\"5bf9e653\" class=\"e-heading-base\">Den norske kirkes ordning<\/h2>\n\t\t\t\t<div class=\"elementor-element elementor-element-4e15de20 elementor-widget elementor-widget-text-editor\" data-id=\"4e15de20\" data-element_type=\"widget\" data-e-type=\"widget\" data-widget_type=\"text-editor.default\">\n\t\t\t\t\t\t\t\t\t<p>Eksempel p\u00e5\u00a0 begravelse\/bisettelse etter Den norske kirkes ordning:<\/p><ul><li>Klokkeringing<\/li><li>Inngangsmusikk<\/li><li>Musikk\/Solosang<\/li><li>Salme<\/li><li>Minneord og kransep\u00e5legging<\/li><li>Musikk\/Solosang<\/li><li>Skriftlesning<\/li><li>Salme<\/li><li>Prestens tale<\/li><li>Salme<\/li><li>Musikk\/Solosang<\/li><li>Utb\u00e6ring av b\u00e5ren<\/li><li>Jordp\u00e5kastelse<\/li><li>Salme<\/li><\/ul><p><em>Ved bisettelse Jordp\u00e5kastelse med avsluttende salme.<\/em><\/p>\t\t\t\t\t\t\t\t<\/div>\n\t\t\t\t<\/div>\n\t\t<div class=\"elementor-element elementor-element-64cc22b5 e-con-full e-flex e-con e-child\" data-id=\"64cc22b5\" data-element_type=\"container\" data-e-type=\"container\">\n\t\t\t\t\t<img class=\"e-image-base \" data-interaction-id=\"4aa11a61\"\/>\t\t\t\t<\/div>\n\t\t\t\t<\/div>\n\t\t\t\t\t\n<hr class=\"e-4b86b4b0-9bbe386 e-divider-base\" data-interaction-id=\"4b86b4b0\"   \/>\n\t\t\t\t<\/div>\n\t\t\t\t\t<\/div>\n\t\t\t\t<\/div>\n\t\t<div class=\"elementor-element elementor-element-1d8a5c4 e-flex e-con-boxed e-con e-parent\" data-id=\"1d8a5c4\" data-element_type=\"container\" data-e-type=\"container\">\n\t\t\t\t\t<div class=\"e-con-inner\">\n\t\t<div class=\"elementor-element elementor-element-702027cb e-con-full e-flex e-con e-child\" data-id=\"702027cb\" data-element_type=\"container\" data-e-type=\"container\">\n\t\t<div class=\"elementor-element elementor-element-389cdbaa e-con-full e-flex e-con e-child\" data-id=\"389cdbaa\" data-element_type=\"container\" data-e-type=\"container\">\n\t\t<div class=\"elementor-element elementor-element-29fd3508 e-con-full e-flex e-con e-child\" data-id=\"29fd3508\" data-element_type=\"container\" data-e-type=\"container\">\n\t\t\t\t\t<h2 data-interaction-id=\"251238be\" class=\"e-heading-base\">Humanistisk gravferd<\/h2>\n\t\t\t\t<div class=\"elementor-element elementor-element-7bd51305 elementor-widget elementor-widget-text-editor\" data-id=\"7bd51305\" data-element_type=\"widget\" data-e-type=\"widget\" data-widget_type=\"text-editor.default\">\n\t\t\t\t\t\t\t\t\t<p>Eksempel p\u00e5 Humanistisk seremoni \/ gravferd \/ bisettelse:<\/p><ul><li>musikk\/solosang<\/li><li>allsang<\/li><li>minnetale<\/li><li>minneord musikk\/solosang<\/li><li>utb\u00e6ring av b\u00e5ren<\/li><li>senking av kiste (uten jordp\u00e5kastelse)<\/li><li>dikt om \u00f8nskelig<\/li><\/ul><p><\/p><p><em>Ved bisettelse senker man om mulig kisten til gulvniv\u00e5 og avslutter med dikt\/musikk<\/em><br \/><br \/>Familien st\u00e5r fritt i samarbeid med taleren fra Human-Etisk Forbund \u00e5 utf\u00f8re gravferden etter egne \u00f8nsker.<\/p>\t\t\t\t\t\t\t\t<\/div>\n\t\t\t\t<\/div>\n\t\t<div class=\"elementor-element elementor-element-512e11a8 e-con-full e-flex e-con e-child\" data-id=\"512e11a8\" data-element_type=\"container\" data-e-type=\"container\">\n\t\t\t\t\t<img class=\"e-image-base \" data-interaction-id=\"541d47ab\"\/>\t\t\t\t<\/div>\n\t\t\t\t<\/div>\n\t\t\t\t\t\n<hr class=\"e-208cbbda-5924f51 e-divider-base\" data-interaction-id=\"208cbbda\"   \/>\n\t\t\t\t<\/div>\n\t\t\t\t\t<\/div>\n\t\t\t\t<\/div>\n\t\t<div class=\"elementor-element elementor-element-7893e9f0 e-flex e-con-boxed e-con e-parent\" data-id=\"7893e9f0\" data-element_type=\"container\" data-e-type=\"container\">\n\t\t\t\t\t<div class=\"e-con-inner\">\n\t\t<div class=\"elementor-element elementor-element-2be2f4cb e-con-full e-flex e-con e-child\" data-id=\"2be2f4cb\" data-element_type=\"container\" data-e-type=\"container\">\n\t\t<div class=\"elementor-element elementor-element-2840b6dc e-con-full e-flex e-con e-child\" data-id=\"2840b6dc\" data-element_type=\"container\" data-e-type=\"container\">\n\t\t<div class=\"elementor-element elementor-element-3fdeab84 e-con-full e-flex e-con e-child\" data-id=\"3fdeab84\" data-element_type=\"container\" data-e-type=\"container\">\n\t\t\t\t\t<h2 data-interaction-id=\"1a3d075f\" class=\"e-heading-base\">Seremoni etter kremasjon<\/h2>\n\t\t\t\t<div class=\"elementor-element elementor-element-683dcb06 elementor-widget elementor-widget-text-editor\" data-id=\"683dcb06\" data-element_type=\"widget\" data-e-type=\"widget\" data-widget_type=\"text-editor.default\">\n\t\t\t\t\t\t\t\t\t<p data-start=\"760\" data-end=\"1054\">Vi tilbyr ogs\u00e5 seremoni med urne n\u00e5r kremasjon gjennomf\u00f8res f\u00f8r seremonien. Da samles familie og p\u00e5r\u00f8rende til en personlig og verdig avskjed med urnen til stede. Etter seremonien f\u00f8lger man urnen videre til navnet minnelund eller gravsted for nedsettelse.<\/p>\t\t\t\t\t\t\t\t<\/div>\n\t\t\t\t<\/div>\n\t\t<div class=\"elementor-element elementor-element-7d702854 e-con-full e-flex e-con e-child\" data-id=\"7d702854\" data-element_type=\"container\" data-e-type=\"container\">\n\t\t\t\t\t<img class=\"e-image-base \" data-interaction-id=\"afc3426\"\/>\t\t\t\t<\/div>\n\t\t\t\t<\/div>\n\t\t\t\t\t\n<hr class=\"e-8c93ca4-0cb7926 e-divider-base\" data-interaction-id=\"8c93ca4\"   \/>\n\t\t\t\t<\/div>\n\t\t\t\t\t<\/div>\n\t\t\t\t<\/div>\n\t\t<div class=\"elementor-element elementor-element-653283d1 e-flex e-con-boxed e-con e-parent\" data-id=\"653283d1\" data-element_type=\"container\" data-e-type=\"container\">\n\t\t\t\t\t<div class=\"e-con-inner\">\n\t\t<div class=\"elementor-element elementor-element-7ae23059 e-con-full e-flex e-con e-child\" data-id=\"7ae23059\" data-element_type=\"container\" data-e-type=\"container\">\n\t\t<div class=\"elementor-element elementor-element-783166cd e-con-full e-flex e-con e-child\" data-id=\"783166cd\" data-element_type=\"container\" data-e-type=\"container\">\n\t\t<div class=\"elementor-element elementor-element-5d63836b e-con-full e-flex e-con e-child\" data-id=\"5d63836b\" data-element_type=\"container\" data-e-type=\"container\">\n\t\t\t\t\t<h2 data-interaction-id=\"1969cd58\" class=\"e-heading-base\">Religi\u00f8s seremoni<\/h2>\n\t\t\t\t<div class=\"elementor-element elementor-element-5f61df6e elementor-widget elementor-widget-text-editor\" data-id=\"5f61df6e\" data-element_type=\"widget\" data-e-type=\"widget\" data-widget_type=\"text-editor.default\">\n\t\t\t\t\t\t\t\t\t<p data-start=\"760\" data-end=\"1054\">En religi\u00f8s seremoni kan gi trygghet, tradisjon og et kjent rammeverk i en vanskelig tid. De fleste gravferder i Norge skjer fortsatt i regi av Den norske kirke, men vi bist\u00e5r ogs\u00e5 ved seremonier innen andre tros- og livssynssamfunn.<\/p><p data-start=\"1056\" data-end=\"1333\">Vi samarbeider med prester, seremoniledere og representanter fra ulike trosretninger, og hjelper med planleggingen slik at seremonien blir gjennomf\u00f8rt p\u00e5 en verdig og respektfull m\u00e5te.\u00a0<\/p>\t\t\t\t\t\t\t\t<\/div>\n\t\t\t\t<\/div>\n\t\t<div class=\"elementor-element elementor-element-37d5628 e-con-full e-flex e-con e-child\" data-id=\"37d5628\" data-element_type=\"container\" data-e-type=\"container\">\n\t\t\t\t\t<img class=\"e-image-base \" data-interaction-id=\"79540f47\"\/>\t\t\t\t<\/div>\n\t\t\t\t<\/div>\n\t\t\t\t\t\n<hr class=\"e-6695c56e-d68eb8a e-divider-base\" data-interaction-id=\"6695c56e\"   \/>\n\t\t\t\t<\/div>\n\t\t\t\t\t<\/div>\n\t\t\t\t<\/div>\n\t\t<div class=\"elementor-element elementor-element-4f03bef5 e-flex e-con-boxed e-con e-parent\" data-id=\"4f03bef5\" data-element_type=\"container\" data-e-type=\"container\">\n\t\t\t\t\t<div class=\"e-con-inner\">\n\t\t<div class=\"elementor-element elementor-element-50449185 e-con-full e-flex e-con e-child\" data-id=\"50449185\" data-element_type=\"container\" data-e-type=\"container\">\n\t\t<div class=\"elementor-element elementor-element-701a4d7 e-con-full e-flex e-con e-child\" data-id=\"701a4d7\" data-element_type=\"container\" data-e-type=\"container\">\n\t\t<div class=\"elementor-element elementor-element-4f3ffb21 e-con-full e-flex e-con e-child\" data-id=\"4f3ffb21\" data-element_type=\"container\" data-e-type=\"container\">\n\t\t\t\t\t<h2 data-interaction-id=\"2d4a17b7\" class=\"e-heading-base\">Livssyns\u00e5pen seremoni<\/h2>\n\t\t\t\t<div class=\"elementor-element elementor-element-52400911 elementor-widget elementor-widget-text-editor\" data-id=\"52400911\" data-element_type=\"widget\" data-e-type=\"widget\" data-widget_type=\"text-editor.default\">\n\t\t\t\t\t\t\t\t\t<p data-start=\"26\" data-end=\"300\">En livssyns\u00e5pen seremoni kan v\u00e6re et alternativ for familier som \u00f8nsker en personlig markering uten faste religi\u00f8se rammer. Seremonien gir mulighet til \u00e5 tilpasse innholdet etter avd\u00f8des \u00f8nsker, livssyn og interesser, samtidig som den skaper en verdig ramme rundt avskjeden.<\/p>\t\t\t\t\t\t\t\t<\/div>\n\t\t\t\t<\/div>\n\t\t<div class=\"elementor-element elementor-element-4fa0bac8 e-con-full e-flex e-con e-child\" data-id=\"4fa0bac8\" data-element_type=\"container\" data-e-type=\"container\">\n\t\t\t\t\t<img class=\"e-image-base \" data-interaction-id=\"2a8479f8\"\/>\t\t\t\t<\/div>\n\t\t\t\t<\/div>\n\t\t\t\t\t\n<hr class=\"e-20f81f1b-19063c5 e-divider-base\" data-interaction-id=\"20f81f1b\"   \/>\n\t\t\t\t<\/div>\n\t\t\t\t\t<\/div>\n\t\t\t\t<\/div>\n\t\t<div class=\"elementor-element elementor-element-1732dda7 e-flex e-con-boxed e-con e-parent\" data-id=\"1732dda7\" data-element_type=\"container\" data-e-type=\"container\">\n\t\t\t\t\t<div class=\"e-con-inner\">\n\t\t<div class=\"elementor-element elementor-element-75f292cc e-con-full e-flex e-con e-child\" data-id=\"75f292cc\" data-element_type=\"container\" data-e-type=\"container\">\n\t\t<div class=\"elementor-element elementor-element-4203ad9e e-con-full e-flex e-con e-child\" data-id=\"4203ad9e\" data-element_type=\"container\" data-e-type=\"container\">\n\t\t<div class=\"elementor-element elementor-element-63e29fd3 e-con-full e-flex e-con e-child\" data-id=\"63e29fd3\" data-element_type=\"container\" data-e-type=\"container\">\n\t\t\t\t\t<h2 data-interaction-id=\"7d35005\" class=\"e-heading-base\">Begravelse eller kremasjon?<\/h2>\n\t\t\t\t<div class=\"elementor-element elementor-element-30d19fa0 elementor-widget elementor-widget-text-editor\" data-id=\"30d19fa0\" data-element_type=\"widget\" data-e-type=\"widget\" data-widget_type=\"text-editor.default\">\n\t\t\t\t\t\t\t\t\t<p data-start=\"999\" data-end=\"1182\">Ved en jordbegravelse avsluttes seremonien vanligvis ved graven, hvor kisten senkes og de n\u00e6rmeste f\u00e5r ta et siste farvel.\u00a0<\/p><p data-start=\"1184\" data-end=\"1451\">Ved kremasjon avsluttes seremonien ofte i seremonirommet f\u00f8r kisten kj\u00f8res videre til krematoriet. Urnen settes senere ned p\u00e5 gravlunden, vanligvis innen seks m\u00e5neder etter d\u00f8dsfallet. Familien kan som regel v\u00e6re til stede ved urnenedsettelsen dersom det er \u00f8nskelig.<\/p>\t\t\t\t\t\t\t\t<\/div>\n\t\t\t\t<\/div>\n\t\t<div class=\"elementor-element elementor-element-3c72d712 e-con-full e-flex e-con e-child\" data-id=\"3c72d712\" data-element_type=\"container\" data-e-type=\"container\">\n\t\t\t\t\t<img class=\"e-image-base \" data-interaction-id=\"1148b06b\"\/>\t\t\t\t<\/div>\n\t\t\t\t<\/div>\n\t\t\t\t\t\n<hr class=\"e-1f67abc7-c23ae2a e-divider-base\" data-interaction-id=\"1f67abc7\"   \/>\n\t\t\t\t<\/div>\n\t\t\t\t\t<\/div>\n\t\t\t\t<\/div>\n\t\t<div class=\"elementor-element elementor-element-c8826eb e-con e-atomic-element e-flexbox-base e-8e49435 \" data-id=\"c8826eb\" data-element_type=\"e-flexbox\" data-e-type=\"e-flexbox\" data-interaction-id=\"c8826eb\">\n    <div class=\"elementor-element elementor-element-c787ce2 e-con e-atomic-element e-flexbox-base e-c787ce2-cfcfdef \" data-id=\"c787ce2\" data-element_type=\"e-flexbox\" data-e-type=\"e-flexbox\" data-interaction-id=\"c787ce2\">\n    <div class=\"elementor-element elementor-element-2c837b6 e-flex e-con-boxed e-con e-parent\" data-id=\"2c837b6\" data-element_type=\"container\" data-e-type=\"container\">\n\t\t\t\t\t<div class=\"e-con-inner\">\n\t\t<div class=\"elementor-element elementor-element-51044dd e-con-full e-flex e-con e-child\" data-id=\"51044dd\" data-element_type=\"container\" data-e-type=\"container\">\n\t\t\t\t<div class=\"elementor-element elementor-element-393cca1 elementor-widget elementor-widget-text-editor\" data-id=\"393cca1\" data-element_type=\"widget\" data-e-type=\"widget\" data-widget_type=\"text-editor.default\">\n\t\t\t\t\t\t\t\t\t<h5 data-start=\"622\" data-end=\"633\">Telefon<\/h5><p data-start=\"634\" data-end=\"678\"><strong data-start=\"634\" data-end=\"653\">+47 <span>71 69 12 24\u00a0<\/span><\/strong><br data-start=\"653\" data-end=\"656\" \/>(D\u00f8gn\u00e5pen vakttelefon)<\/p><h5 data-start=\"680\" data-end=\"690\"><strong>E-post<\/strong><\/h5><p data-start=\"680\" data-end=\"690\"><a class=\"decorated-link cursor-pointer\" rel=\"noopener\" data-start=\"691\" data-end=\"703\">post@myrle.no<\/a><\/p><h5 data-start=\"705\" data-end=\"722\"><strong>Bes\u00f8ksadresse<\/strong><\/h5><p data-start=\"723\" data-end=\"752\">Konglevegen 4,<br data-start=\"736\" data-end=\"739\" \/>7340 Oppdal<\/p>\t\t\t\t\t\t\t\t<\/div>\n\t\t\t\t<\/div>\n\t\t<div class=\"elementor-element elementor-element-f960962 e-con-full e-flex e-con e-child\" data-id=\"f960962\" data-element_type=\"container\" data-e-type=\"container\">\n\t\t\t\t<div class=\"elementor-element elementor-element-953f6cb elementor-widget elementor-widget-google_maps\" data-id=\"953f6cb\" data-element_type=\"widget\" data-e-type=\"widget\" data-widget_type=\"google_maps.default\">\n\t\t\t\t\t\t\t<div class=\"elementor-custom-embed\">\n\t\t\t<iframe loading=\"lazy\"\n\t\t\t\t\tsrc=\"https:\/\/maps.google.com\/maps?q=Konglevegen%204%2C%207340%20Oppdal&#038;t=m&#038;z=14&#038;output=embed&#038;iwloc=near\"\n\t\t\t\t\ttitle=\"Konglevegen 4, 7340 Oppdal\"\n\t\t\t\t\taria-label=\"Konglevegen 4, 7340 Oppdal\"\n\t\t\t><\/iframe>\n\t\t<\/div>\n\t\t\t\t\t\t<\/div>\n\t\t\t\t<\/div>\n\t\t\t\t\t<\/div>\n\t\t\t\t<\/div>\n\t\t\n<\/div>\n\n<\/div>\n\t\t<\/div>\n\t\t","protected":false},"excerpt":{"rendered":"<p>En seremoni er en viktig del av avskjeden. Den gir familie og venner anledning til \u00e5 samles, minnes og hedre livet som er levd. For noen er det naturlig med en tradisjonell kirkelig seremoni, mens andre \u00f8nsker en mer personlig eller livssyns\u00e5pen markering. Uansett valg hjelper vi med \u00e5 skape [&hellip;]<\/p>\n","protected":false},"author":1,"featured_media":0,"parent":0,"menu_order":0,"comment_status":"closed","ping_status":"closed","template":"","meta":{"_angie_page":false,"_themeisle_gutenberg_block_has_review":false,"footnotes":""},"class_list":["post-488","page","type-page","status-publish","hentry"],"_links":{"self":[{"href":"https:\/\/myrle.no\/index.php?rest_route=\/wp\/v2\/pages\/488","targetHints":{"allow":["GET"]}}],"collection":[{"href":"https:\/\/myrle.no\/index.php?rest_route=\/wp\/v2\/pages"}],"about":[{"href":"https:\/\/myrle.no\/index.php?rest_route=\/wp\/v2\/types\/page"}],"author":[{"embeddable":true,"href":"https:\/\/myrle.no\/index.php?rest_route=\/wp\/v2\/users\/1"}],"replies":[{"embeddable":true,"href":"https:\/\/myrle.no\/index.php?rest_route=%2Fwp%2Fv2%2Fcomments&post=488"}],"version-history":[{"count":7,"href":"https:\/\/myrle.no\/index.php?rest_route=\/wp\/v2\/pages\/488\/revisions"}],"predecessor-version":[{"id":806,"href":"https:\/\/myrle.no\/index.php?rest_route=\/wp\/v2\/pages\/488\/revisions\/806"}],"wp:attachment":[{"href":"https:\/\/myrle.no\/index.php?rest_route=%2Fwp%2Fv2%2Fmedia&parent=488"}],"curies":[{"name":"wp","href":"https:\/\/api.w.org\/{rel}","templated":true}]}}